{"id":892,"date":"2018-01-11T18:49:20","date_gmt":"2018-01-11T17:49:20","guid":{"rendered":"https:\/\/www.sprachschule-aktiv-bremen.de\/home\/"},"modified":"2024-11-29T17:08:42","modified_gmt":"2024-11-29T16:08:42","slug":"home","status":"publish","type":"page","link":"https:\/\/www.sprachschule-aktiv-bremen.de\/es\/","title":{"rendered":"Home"},"content":{"rendered":"<p>[vc_row full_width=&#8221;stretch_row_content_no_spaces&#8221;][vc_column][vc_images_carousel images=&#8221;2682,2688,2694&#8243; img_size=&#8221;full&#8221; onclick=&#8221;link_no&#8221; autoplay=&#8221;yes&#8221; hide_pagination_control=&#8221;yes&#8221;][\/vc_column][\/vc_row][vc_row css=&#8221;.vc_custom_1538648120619{margin-top: 20px !important;}&#8221;][vc_column][vc_column_text]<\/p>\n<h1>Aprender alem\u00e1n en Bremen &#8211; Cursos de alem\u00e1n (A1 a C2) &#8211; Escuela de idiomas<\/h1>\n<p>[\/vc_column_text][vc_row_inner][vc_column_inner width=&#8221;1\/2&#8243;][vc_column_text]<iframe src=\"https:\/\/www.youtube.com\/embed\/OmlDX1rDL-w\" width=\"100%\" height=\"350\" frameborder=\"0\" allowfullscreen=\"allowfullscreen\"><\/iframe>[\/vc_column_text][\/vc_column_inner][vc_column_inner width=&#8221;1\/2&#8243;][vc_column_text]Aprende alem\u00e1n en Bremen con hablantes nativos experimentados. Escuela de idiomas para cursos de alem\u00e1n en Bremen para principiantes y avanzados (A1, A2, B1, B2, C1, C2). Si quieres vivir y trabajar en Alemania, las habilidades del idioma alem\u00e1n son indispensables.<\/p>\n<p>La escuela de idiomas Aktiv en Bremen te ofrece cursos de alem\u00e1n de todos los niveles. Lecci\u00f3n de prueba gratuita y clasificaci\u00f3n![\/vc_column_text]\t<div class=\"vc_btn3-container vc_btn3-left\">\n\t\t<a href=\"\/es\/registro-escuela-idiomas-bremen\/\" class=\"pgs_btn pgs_btn_style_1 pgs_btn_lg\">\n\t\t\t<span>\n\t\t\t\tReg\u00edstrate ahora\t\t\t<\/span>\n\t\t\t\t\t<\/a>\n\t<\/div>\n\t[\/vc_column_inner][\/vc_row_inner][\/vc_column][\/vc_row][vc_row full_width=&#8221;stretch_row&#8221; css=&#8221;.vc_custom_1538648473780{padding-top: 10px !important;padding-bottom: 25px !important;background-color: #f9f9f9 !important;}&#8221;][vc_column][vc_column_text]<\/p>\n<h2>Cursos de alem\u00e1n en Bremen para principiantes o avanzados<\/h2>\n<p>[\/vc_column_text][vc_single_image image=&#8221;897&#8243; img_size=&#8221;full&#8221; alignment=&#8221;center&#8221;][vc_column_text]Si no tienes ning\u00fan conocimiento de alem\u00e1n hasta ahora, comienza con el curso A1 para principiantes. Los cursos siguen las pautas del Marco Europeo de Referencia para las Lenguas. Esto tiene la ventaja de que puede cambiar sin problemas de otra escuela de idiomas (que tambi\u00e9n utiliza el sistema) a la escuela de idiomas Aktiv en Bremen.<\/p>\n<p>Si ya tiene conocimientos avanzados, puede comenzar en los niveles A2, B1, B2, C1 o C2. Por supuesto, obtiene un certificado despu\u00e9s de cada curso que certifica los conocimientos adquiridos.<\/p>\n<p>Los problemas a veces causan la clasificaci\u00f3n. No debes confiar en tu instinto. Hemos desarrollado una prueba de ubicaci\u00f3n para este prop\u00f3sito. Puedes hacerlo en nuestra escuela de idiomas en Bremen o simplemente en l\u00ednea. De esta manera, podr\u00e1s conocer tu nivel actual de conocimiento y podr\u00e1s visitar el curso correcto en Bremen.[\/vc_column_text]\t<div class=\"vc_btn3-container vc_btn3-inline\">\n\t\t<a href=\"https:\/\/www.sprachschule-aktiv-bremen.de\/es\/contactar\/\" title=\"Contactar\" class=\"pgs_btn pgs_btn_style_1 pgs_btn_lg\">\n\t\t\t<span>\n\t\t\t\tCont\u00e1ctanos\t\t\t<\/span>\n\t\t\t\t\t<\/a>\n\t<\/div>\n\t[\/vc_column][\/vc_row][vc_row css=&#8221;.vc_custom_1538648446418{margin-top: 15px !important;}&#8221;][vc_column][vc_column_text]<\/p>\n<h2>Elige entre diferentes modelos de cursos: privado, intensivo, cursos nocturnos<\/h2>\n<p>Ofrecemos clases nocturnas, cursos intensivos y clases privadas en Bremen. El curso que elijas depender\u00e1 principalmente de tus deseos personales y tu calendario. El curso nocturno se lleva a cabo una o dos veces por semana. Nuestros profesores ense\u00f1an alem\u00e1n de una manera pr\u00e1ctica y exhaustiva, pero por supuesto eso lleva tiempo.<\/p>\n<p>Si quieres o tienes que aprender alem\u00e1n r\u00e1pidamente, un curso intensivo es la mejor opci\u00f3n. El grupo se re\u00fane todos los d\u00edas de 9:00 a 12:00. Durante este tiempo, generalmente necesita tomarse unas vacaciones u obtener una licencia de tu empleador. Si esto no es posible, asista a un curso semiintensivo por la noche. Este curso tambi\u00e9n es diario.<\/p>\n<p>La mayor\u00eda de las opciones son ofrecidas por un curso intensivo. Puede elegir la hora, el lugar e incluso el programa de estudios.<\/p>\n<p>En nuestros cursos, te ofrecemos una preparaci\u00f3n para el TestDaF y una preparaci\u00f3n para el examen Deut Telc.<\/p>\n<h2>Cursos intensivos de alem\u00e1n A1, A2, B1, B2, C1, C2 &#8211; Precios y fechas:<\/h2>\n<ul>\n<li><strong>Fecha de inicio:<\/strong> Nuestros cursos de alem\u00e1n empiezan siempre el primer lunes de cada mes.<\/li>\n<li><strong>Duracion:<\/strong> 8 semanas de lunes a jueves (con 6 participantes), de lunes a viernes (con 7-10 participantes) de 9:00 a 12:00<\/li>\n<li><strong>Precio:<\/strong> 998 \u20ac<\/li>\n<\/ul>\n<p>[\/vc_column_text]\t<div class=\"vc_btn3-container vc_btn3-inline\">\n\t\t<a href=\"https:\/\/www.sprachschule-aktiv-bremen.de\/es\/contactar\/\" title=\"Contactar\" class=\"pgs_btn pgs_btn_style_1 pgs_btn_lg\">\n\t\t\t<span>\n\t\t\t\tCont\u00e1ctanos\t\t\t<\/span>\n\t\t\t\t\t<\/a>\n\t<\/div>\n\t[\/vc_column][\/vc_row][vc_row full_width=&#8221;stretch_row&#8221; css=&#8221;.vc_custom_1538648658554{padding-top: 10px !important;padding-bottom: 25px !important;background-color: #f9f9f9 !important;}&#8221;][vc_column][vc_column_text]<\/p>\n<h2>Las clases se imparten en peque\u00f1os grupos<\/h2>\n<p>Algo importante en la preparaci\u00f3n es el tama\u00f1o del grupo. Nos aseguramos de que el n\u00famero de participantes no supere los diez. Esto le permite al maestro cuidar a cada alumno. Existen posibles formas de ense\u00f1anza, que apenas existen en una escuela normal. Progresan m\u00e1s r\u00e1pido e incluso los participantes t\u00edmidos obtienen suficiente tiempo para participar activamente en el aula.<\/p>\n<h2>Nuestros profesores de idiomas son hablantes nativos y altamente motivados<\/h2>\n<p>La parte m\u00e1s importante de cada curso de idiomas es el profesor. Es particularmente importante para nosotros que sean hablantes nativos de alem\u00e1n. Eso es importante, porque esa es la \u00fanica forma de aprender una pronunciaci\u00f3n perfecta. Por supuesto, nuestros maestros tienen una educaci\u00f3n pedag\u00f3gica. Por \u00faltimo, pero no menos importante, la personalidad es muy importante para nosotros. Solo cuando la entrevista resulte amigable, justa y \u00fatil, tendr\u00e1 la oportunidad de ense\u00f1ar con nosotros.[\/vc_column_text][\/vc_column][\/vc_row][vc_row css=&#8221;.vc_custom_1538648446418{margin-top: 15px !important;}&#8221;][vc_column][vc_column_text]<\/p>\n<h2>Comience completamente sin riesgo<\/h2>\n<p>Cada curso de idiomas es una gran inversi\u00f3n. Para que pueda comenzar el curso con total tranquilidad, le ofrecemos una garant\u00eda de devoluci\u00f3n de dinero. Tendr\u00e1s un tiempo de clase completo para poner el curso a prueba. Si no est\u00e1 satisfecho con la oferta, recibir\u00e1 su dinero despu\u00e9s de la primera hora.[\/vc_column_text][\/vc_column][\/vc_row]<\/p>\n","protected":false},"excerpt":{"rendered":"<p>[vc_row full_width=&#8221;stretch_row_content_no_spaces&#8221;][vc_column][vc_images_carousel images=&#8221;2682,2688,2694&#8243; img_size=&#8221;full&#8221; onclick=&#8221;link_no&#8221; autoplay=&#8221;yes&#8221; hide_pagination_control=&#8221;yes&#8221;][\/vc_column][\/vc_row][vc_row css=&#8221;.vc_custom_1538648120619{margin-top: 20px !important;}&#8221;][vc_column][vc_column_text] Aprender alem\u00e1n en Bremen &#8211; Cursos de alem\u00e1n (A1 a C2) &#8211; Escuela de idiomas [\/vc_column_text][vc_row_inner][vc_column_inner width=&#8221;1\/2&#8243;][vc_column_text][\/vc_column_text][\/vc_column_inner][vc_column_inner width=&#8221;1\/2&#8243;][vc_column_text]Aprende alem\u00e1n en Bremen con hablantes nativos experimentados. Escuela de idiomas para cursos de alem\u00e1n en Bremen para principiantes y avanzados (A1, A2, B1, B2, C1, C2). Si&hellip; <a class=\"read-more\" href=\"https:\/\/www.sprachschule-aktiv-bremen.de\/es\/\" title=\"Read Home\">Read more &raquo;<\/a><\/p>\n","protected":false},"author":1,"featured_media":0,"parent":0,"menu_order":0,"comment_status":"closed","ping_status":"closed","template":"","meta":{"footnotes":""},"class_list":["post-892","page","type-page","status-publish","hentry"],"yoast_head":"<!-- This site is optimized with the Yoast SEO plugin v27.1.1 - https:\/\/yoast.com\/product\/yoast-seo-wordpress\/ -->\n<title>Aprender alem\u00e1n en Bremen - Cursos de alem\u00e1n (A1 a C2)<\/title>\n<meta name=\"description\" content=\"Aprende alem\u00e1n en Bremen con hablantes nativos. Escuela de idiomas para cursos de alem\u00e1n en Bremen para principiantes y avanzados (A1, A2, B1, B2....)\" \/>\n<meta name=\"robots\" content=\"index, follow, max-snippet:-1, max-image-preview:large, max-video-preview:-1\" \/>\n<link rel=\"canonical\" href=\"https:\/\/www.sprachschule-aktiv-bremen.de\/es\/\" \/>\n<meta property=\"og:locale\" content=\"es_ES\" \/>\n<meta property=\"og:type\" content=\"article\" \/>\n<meta property=\"og:title\" content=\"Aprender alem\u00e1n en Bremen - Cursos de alem\u00e1n (A1 a C2)\" \/>\n<meta property=\"og:description\" content=\"Aprende alem\u00e1n en Bremen con hablantes nativos. Escuela de idiomas para cursos de alem\u00e1n en Bremen para principiantes y avanzados (A1, A2, B1, B2....)\" \/>\n<meta property=\"og:url\" content=\"https:\/\/www.sprachschule-aktiv-bremen.de\/es\/\" \/>\n<meta property=\"og:site_name\" content=\"Sprachschule Aktiv Bremen\" \/>\n<meta property=\"article:modified_time\" content=\"2024-11-29T16:08:42+00:00\" \/>\n<meta name=\"twitter:card\" content=\"summary_large_image\" \/>\n<meta name=\"twitter:label1\" content=\"Tiempo de lectura\" \/>\n\t<meta name=\"twitter:data1\" content=\"5 minutos\" \/>\n<script type=\"application\/ld+json\" class=\"yoast-schema-graph\">{\"@context\":\"https:\/\/schema.org\",\"@graph\":[{\"@type\":\"WebPage\",\"@id\":\"https:\/\/www.sprachschule-aktiv-bremen.de\/es\/\",\"url\":\"https:\/\/www.sprachschule-aktiv-bremen.de\/es\/\",\"name\":\"Aprender alem\u00e1n en Bremen - Cursos de alem\u00e1n (A1 a C2)\",\"isPartOf\":{\"@id\":\"https:\/\/www.sprachschule-aktiv-bremen.de\/#website\"},\"datePublished\":\"2018-01-11T17:49:20+00:00\",\"dateModified\":\"2024-11-29T16:08:42+00:00\",\"description\":\"Aprende alem\u00e1n en Bremen con hablantes nativos. Escuela de idiomas para cursos de alem\u00e1n en Bremen para principiantes y avanzados (A1, A2, B1, B2....)\",\"breadcrumb\":{\"@id\":\"https:\/\/www.sprachschule-aktiv-bremen.de\/es\/#breadcrumb\"},\"inLanguage\":\"es\",\"potentialAction\":[{\"@type\":\"ReadAction\",\"target\":[\"https:\/\/www.sprachschule-aktiv-bremen.de\/es\/\"]}]},{\"@type\":\"BreadcrumbList\",\"@id\":\"https:\/\/www.sprachschule-aktiv-bremen.de\/es\/#breadcrumb\",\"itemListElement\":[{\"@type\":\"ListItem\",\"position\":1,\"name\":\"Startseite\",\"item\":\"https:\/\/www.sprachschule-aktiv-bremen.de\/es\/\"},{\"@type\":\"ListItem\",\"position\":2,\"name\":\"Home\"}]},{\"@type\":\"WebSite\",\"@id\":\"https:\/\/www.sprachschule-aktiv-bremen.de\/#website\",\"url\":\"https:\/\/www.sprachschule-aktiv-bremen.de\/\",\"name\":\"Sprachschule Aktiv Bremen\",\"description\":\"\",\"potentialAction\":[{\"@type\":\"SearchAction\",\"target\":{\"@type\":\"EntryPoint\",\"urlTemplate\":\"https:\/\/www.sprachschule-aktiv-bremen.de\/?s={search_term_string}\"},\"query-input\":{\"@type\":\"PropertyValueSpecification\",\"valueRequired\":true,\"valueName\":\"search_term_string\"}}],\"inLanguage\":\"es\"}]}<\/script>\n<!-- \/ Yoast SEO plugin. -->","yoast_head_json":{"title":"Aprender alem\u00e1n en Bremen - Cursos de alem\u00e1n (A1 a C2)","description":"Aprende alem\u00e1n en Bremen con hablantes nativos. Escuela de idiomas para cursos de alem\u00e1n en Bremen para principiantes y avanzados (A1, A2, B1, B2....)","robots":{"index":"index","follow":"follow","max-snippet":"max-snippet:-1","max-image-preview":"max-image-preview:large","max-video-preview":"max-video-preview:-1"},"canonical":"https:\/\/www.sprachschule-aktiv-bremen.de\/es\/","og_locale":"es_ES","og_type":"article","og_title":"Aprender alem\u00e1n en Bremen - Cursos de alem\u00e1n (A1 a C2)","og_description":"Aprende alem\u00e1n en Bremen con hablantes nativos. Escuela de idiomas para cursos de alem\u00e1n en Bremen para principiantes y avanzados (A1, A2, B1, B2....)","og_url":"https:\/\/www.sprachschule-aktiv-bremen.de\/es\/","og_site_name":"Sprachschule Aktiv Bremen","article_modified_time":"2024-11-29T16:08:42+00:00","twitter_card":"summary_large_image","twitter_misc":{"Tiempo de lectura":"5 minutos"},"schema":{"@context":"https:\/\/schema.org","@graph":[{"@type":"WebPage","@id":"https:\/\/www.sprachschule-aktiv-bremen.de\/es\/","url":"https:\/\/www.sprachschule-aktiv-bremen.de\/es\/","name":"Aprender alem\u00e1n en Bremen - Cursos de alem\u00e1n (A1 a C2)","isPartOf":{"@id":"https:\/\/www.sprachschule-aktiv-bremen.de\/#website"},"datePublished":"2018-01-11T17:49:20+00:00","dateModified":"2024-11-29T16:08:42+00:00","description":"Aprende alem\u00e1n en Bremen con hablantes nativos. Escuela de idiomas para cursos de alem\u00e1n en Bremen para principiantes y avanzados (A1, A2, B1, B2....)","breadcrumb":{"@id":"https:\/\/www.sprachschule-aktiv-bremen.de\/es\/#breadcrumb"},"inLanguage":"es","potentialAction":[{"@type":"ReadAction","target":["https:\/\/www.sprachschule-aktiv-bremen.de\/es\/"]}]},{"@type":"BreadcrumbList","@id":"https:\/\/www.sprachschule-aktiv-bremen.de\/es\/#breadcrumb","itemListElement":[{"@type":"ListItem","position":1,"name":"Startseite","item":"https:\/\/www.sprachschule-aktiv-bremen.de\/es\/"},{"@type":"ListItem","position":2,"name":"Home"}]},{"@type":"WebSite","@id":"https:\/\/www.sprachschule-aktiv-bremen.de\/#website","url":"https:\/\/www.sprachschule-aktiv-bremen.de\/","name":"Sprachschule Aktiv Bremen","description":"","potentialAction":[{"@type":"SearchAction","target":{"@type":"EntryPoint","urlTemplate":"https:\/\/www.sprachschule-aktiv-bremen.de\/?s={search_term_string}"},"query-input":{"@type":"PropertyValueSpecification","valueRequired":true,"valueName":"search_term_string"}}],"inLanguage":"es"}]}},"_links":{"self":[{"href":"https:\/\/www.sprachschule-aktiv-bremen.de\/es\/wp-json\/wp\/v2\/pages\/892","targetHints":{"allow":["GET"]}}],"collection":[{"href":"https:\/\/www.sprachschule-aktiv-bremen.de\/es\/wp-json\/wp\/v2\/pages"}],"about":[{"href":"https:\/\/www.sprachschule-aktiv-bremen.de\/es\/wp-json\/wp\/v2\/types\/page"}],"author":[{"embeddable":true,"href":"https:\/\/www.sprachschule-aktiv-bremen.de\/es\/wp-json\/wp\/v2\/users\/1"}],"replies":[{"embeddable":true,"href":"https:\/\/www.sprachschule-aktiv-bremen.de\/es\/wp-json\/wp\/v2\/comments?post=892"}],"version-history":[{"count":8,"href":"https:\/\/www.sprachschule-aktiv-bremen.de\/es\/wp-json\/wp\/v2\/pages\/892\/revisions"}],"predecessor-version":[{"id":4151,"href":"https:\/\/www.sprachschule-aktiv-bremen.de\/es\/wp-json\/wp\/v2\/pages\/892\/revisions\/4151"}],"wp:attachment":[{"href":"https:\/\/www.sprachschule-aktiv-bremen.de\/es\/wp-json\/wp\/v2\/media?parent=892"}],"curies":[{"name":"wp","href":"https:\/\/api.w.org\/{rel}","templated":true}]}}